{"id":259,"date":"2020-12-06T16:23:44","date_gmt":"2020-12-06T15:23:44","guid":{"rendered":"https:\/\/valle.aretis.ch\/?page_id=259"},"modified":"2025-03-13T17:22:51","modified_gmt":"2025-03-13T16:22:51","slug":"customer-testimonials","status":"publish","type":"page","link":"https:\/\/www.dv-immo.ch\/en\/kundenstimmen\/","title":{"rendered":"Customer testimonials"},"content":{"rendered":"\t\t<div data-elementor-type=\"wp-page\" data-elementor-id=\"259\" class=\"elementor elementor-259\" data-elementor-post-type=\"page\">\n\t\t\t\t\t\t<section class=\"elementor-section elementor-top-section elementor-element elementor-element-5c8603ec elementor-section-height-min-height elementor-section-items-stretch elementor-section-stretched elementor-section-boxed elementor-section-height-default\" data-id=\"5c8603ec\" data-element_type=\"section\" data-e-type=\"section\" data-settings=\"{&quot;background_background&quot;:&quot;classic&quot;,&quot;stretch_section&quot;:&quot;section-stretched&quot;}\">\n\t\t\t\t\t\t<div class=\"elementor-container elementor-column-gap-default\">\n\t\t\t\t\t<div class=\"elementor-column elementor-col-100 elementor-top-column elementor-element elementor-element-e36f915\" data-id=\"e36f915\" data-element_type=\"column\" data-e-type=\"column\">\n\t\t\t<div class=\"elementor-widget-wrap elementor-element-populated\">\n\t\t\t\t\t\t<div class=\"elementor-element elementor-element-e8eeecf elementor-widget elementor-widget-heading\" data-id=\"e8eeecf\" data-element_type=\"widget\" data-e-type=\"widget\" data-widget_type=\"heading.default\">\n\t\t\t\t\t<h1 class=\"elementor-heading-title elementor-size-default\">Kundenstimmen<\/h1>\t\t\t\t<\/div>\n\t\t\t\t\t<\/div>\n\t\t<\/div>\n\t\t\t\t\t<\/div>\n\t\t<\/section>\n\t\t\t\t<section class=\"elementor-section elementor-top-section elementor-element elementor-element-525c04d2 elementor-section-boxed elementor-section-height-default elementor-section-height-default\" data-id=\"525c04d2\" data-element_type=\"section\" data-e-type=\"section\">\n\t\t\t\t\t\t<div class=\"elementor-container elementor-column-gap-default\">\n\t\t\t\t\t<div class=\"elementor-column elementor-col-100 elementor-top-column elementor-element elementor-element-649efeea\" data-id=\"649efeea\" data-element_type=\"column\" data-e-type=\"column\" data-settings=\"{&quot;background_background&quot;:&quot;classic&quot;}\">\n\t\t\t<div class=\"elementor-widget-wrap elementor-element-populated\">\n\t\t\t\t\t\t<div class=\"elementor-element elementor-element-1108f06a elementor-widget elementor-widget-spacer\" data-id=\"1108f06a\" data-element_type=\"widget\" data-e-type=\"widget\" data-widget_type=\"spacer.default\">\n\t\t\t\t\t\t\t<div class=\"elementor-spacer\">\n\t\t\t<div class=\"elementor-spacer-inner\"><\/div>\n\t\t<\/div>\n\t\t\t\t\t\t<\/div>\n\t\t\t\t\t<\/div>\n\t\t<\/div>\n\t\t\t\t\t<\/div>\n\t\t<\/section>\n\t\t\t\t<section class=\"elementor-section elementor-top-section elementor-element elementor-element-571c4375 elementor-section-boxed elementor-section-height-default elementor-section-height-default\" data-id=\"571c4375\" data-element_type=\"section\" data-e-type=\"section\">\n\t\t\t\t\t\t<div class=\"elementor-container elementor-column-gap-default\">\n\t\t\t\t\t<div class=\"elementor-column elementor-col-100 elementor-top-column elementor-element elementor-element-dd8c228\" data-id=\"dd8c228\" data-element_type=\"column\" data-e-type=\"column\">\n\t\t\t<div class=\"elementor-widget-wrap elementor-element-populated\">\n\t\t\t\t\t\t<section class=\"elementor-section elementor-inner-section elementor-element elementor-element-21a03138 elementor-section-height-min-height elementor-section-boxed elementor-section-height-default\" data-id=\"21a03138\" data-element_type=\"section\" data-e-type=\"section\" data-settings=\"{&quot;background_background&quot;:&quot;classic&quot;}\">\n\t\t\t\t\t\t<div class=\"elementor-container elementor-column-gap-default\">\n\t\t\t\t\t<div class=\"elementor-column elementor-col-50 elementor-inner-column elementor-element elementor-element-b97f223\" data-id=\"b97f223\" data-element_type=\"column\" data-e-type=\"column\">\n\t\t\t<div class=\"elementor-widget-wrap elementor-element-populated\">\n\t\t\t\t\t\t<div class=\"elementor-element elementor-element-988e16b elementor-view-default elementor-invisible elementor-widget elementor-widget-icon\" data-id=\"988e16b\" data-element_type=\"widget\" data-e-type=\"widget\" data-settings=\"{&quot;_animation&quot;:&quot;fadeInLeft&quot;}\" data-widget_type=\"icon.default\">\n\t\t\t\t\t\t\t<div class=\"elementor-icon-wrapper\">\n\t\t\t<div class=\"elementor-icon\">\n\t\t\t<svg aria-hidden=\"true\" class=\"e-font-icon-svg e-fas-quote-left\" viewBox=\"0 0 512 512\" xmlns=\"http:\/\/www.w3.org\/2000\/svg\"><path d=\"M464 256h-80v-64c0-35.3 28.7-64 64-64h8c13.3 0 24-10.7 24-24V56c0-13.3-10.7-24-24-24h-8c-88.4 0-160 71.6-160 160v240c0 26.5 21.5 48 48 48h128c26.5 0 48-21.5 48-48V304c0-26.5-21.5-48-48-48zm-288 0H96v-64c0-35.3 28.7-64 64-64h8c13.3 0 24-10.7 24-24V56c0-13.3-10.7-24-24-24h-8C71.6 32 0 103.6 0 192v240c0 26.5 21.5 48 48 48h128c26.5 0 48-21.5 48-48V304c0-26.5-21.5-48-48-48z\"><\/path><\/svg>\t\t\t<\/div>\n\t\t<\/div>\n\t\t\t\t\t\t<\/div>\n\t\t\t\t<div class=\"elementor-element elementor-element-8052050 elementor-testimonial--layout-image_above elementor-testimonial--skin-default elementor-testimonial--align-center elementor-arrows-yes elementor-pagination-type-bullets elementor-invisible elementor-widget elementor-widget-testimonial-carousel\" data-id=\"8052050\" data-element_type=\"widget\" data-e-type=\"widget\" data-settings=\"{&quot;space_between&quot;:{&quot;unit&quot;:&quot;px&quot;,&quot;size&quot;:22,&quot;sizes&quot;:[]},&quot;_animation&quot;:&quot;zoomIn&quot;,&quot;show_arrows&quot;:&quot;yes&quot;,&quot;pagination&quot;:&quot;bullets&quot;,&quot;speed&quot;:500,&quot;autoplay&quot;:&quot;yes&quot;,&quot;autoplay_speed&quot;:5000,&quot;loop&quot;:&quot;yes&quot;,&quot;pause_on_hover&quot;:&quot;yes&quot;,&quot;pause_on_interaction&quot;:&quot;yes&quot;,&quot;space_between_tablet&quot;:{&quot;unit&quot;:&quot;px&quot;,&quot;size&quot;:10,&quot;sizes&quot;:[]},&quot;space_between_mobile&quot;:{&quot;unit&quot;:&quot;px&quot;,&quot;size&quot;:10,&quot;sizes&quot;:[]}}\" data-widget_type=\"testimonial-carousel.default\">\n\t\t\t\t\t\t\t\t\t\t<div class=\"elementor-main-swiper swiper\" role=\"region\" aria-roledescription=\"carousel\" aria-label=\"Slides\">\n\t\t\t\t<div class=\"swiper-wrapper\">\n\t\t\t\t\t\t\t\t\t\t\t<div class=\"swiper-slide\" role=\"group\" aria-roledescription=\"slide\">\n\t\t\t\t\t\t\t\t\t<div class=\"elementor-testimonial\">\n\t\t\t\t\t\t\t<div class=\"elementor-testimonial__content\">\n\t\t\t\t\t<div class=\"elementor-testimonial__text\">\n\t\t\t\t\t\tIch beschloss, den Hausverkauf einem Profi zu \u00fcberlassen. Der Verkauf mit Della Valle Immobilien ging z\u00fcgig und zu einem f\u00fcr beide Parteien fairen Preis vonstatten.\t\t\t\t\t<\/div>\n\t\t\t\t\t<cite class=\"elementor-testimonial__cite\"><span class=\"elementor-testimonial__name\">Peter Delfosse<\/span><span class=\"elementor-testimonial__title\">Verkaufte mit uns sein Einfamilienhaus<\/span><\/cite>\t\t\t\t<\/div>\n\t\t\t\t\t\t<div class=\"elementor-testimonial__footer\">\n\t\t\t\t\t\t\t\t\t<div class=\"elementor-testimonial__image\">\n\t\t\t\t\t\t<img decoding=\"async\" src=\"https:\/\/www.dv-immo.ch\/wp-content\/uploads\/Delfosse2.jpg\" alt=\"Peter Delfosse\">\n\t\t\t\t\t\t\t\t\t\t\t<\/div>\n\t\t\t\t\t\t\t\t\t\t\t<\/div>\n\t\t<\/div>\n\t\t\t\t\t\t\t\t<\/div>\n\t\t\t\t\t\t\t\t\t<\/div>\n\t\t\t\t\t\t\t<\/div>\n\t\t\t\t\t\t\t\t<\/div>\n\t\t\t\t\t<\/div>\n\t\t<\/div>\n\t\t\t\t<div class=\"elementor-column elementor-col-50 elementor-inner-column elementor-element elementor-element-4878740\" data-id=\"4878740\" data-element_type=\"column\" data-e-type=\"column\">\n\t\t\t<div class=\"elementor-widget-wrap elementor-element-populated\">\n\t\t\t\t\t\t<div class=\"elementor-element elementor-element-d33218d elementor-view-default elementor-invisible elementor-widget elementor-widget-icon\" data-id=\"d33218d\" data-element_type=\"widget\" data-e-type=\"widget\" data-settings=\"{&quot;_animation&quot;:&quot;fadeInLeft&quot;}\" data-widget_type=\"icon.default\">\n\t\t\t\t\t\t\t<div class=\"elementor-icon-wrapper\">\n\t\t\t<div class=\"elementor-icon\">\n\t\t\t<svg aria-hidden=\"true\" class=\"e-font-icon-svg e-fas-quote-left\" viewBox=\"0 0 512 512\" xmlns=\"http:\/\/www.w3.org\/2000\/svg\"><path d=\"M464 256h-80v-64c0-35.3 28.7-64 64-64h8c13.3 0 24-10.7 24-24V56c0-13.3-10.7-24-24-24h-8c-88.4 0-160 71.6-160 160v240c0 26.5 21.5 48 48 48h128c26.5 0 48-21.5 48-48V304c0-26.5-21.5-48-48-48zm-288 0H96v-64c0-35.3 28.7-64 64-64h8c13.3 0 24-10.7 24-24V56c0-13.3-10.7-24-24-24h-8C71.6 32 0 103.6 0 192v240c0 26.5 21.5 48 48 48h128c26.5 0 48-21.5 48-48V304c0-26.5-21.5-48-48-48z\"><\/path><\/svg>\t\t\t<\/div>\n\t\t<\/div>\n\t\t\t\t\t\t<\/div>\n\t\t\t\t<div class=\"elementor-element elementor-element-92258fd elementor-testimonial--layout-image_above elementor-testimonial--skin-default elementor-testimonial--align-center elementor-arrows-yes elementor-pagination-type-bullets elementor-invisible elementor-widget elementor-widget-testimonial-carousel\" data-id=\"92258fd\" data-element_type=\"widget\" data-e-type=\"widget\" data-settings=\"{&quot;space_between&quot;:{&quot;unit&quot;:&quot;px&quot;,&quot;size&quot;:22,&quot;sizes&quot;:[]},&quot;_animation&quot;:&quot;zoomIn&quot;,&quot;show_arrows&quot;:&quot;yes&quot;,&quot;pagination&quot;:&quot;bullets&quot;,&quot;speed&quot;:500,&quot;autoplay&quot;:&quot;yes&quot;,&quot;autoplay_speed&quot;:5000,&quot;loop&quot;:&quot;yes&quot;,&quot;pause_on_hover&quot;:&quot;yes&quot;,&quot;pause_on_interaction&quot;:&quot;yes&quot;,&quot;space_between_tablet&quot;:{&quot;unit&quot;:&quot;px&quot;,&quot;size&quot;:10,&quot;sizes&quot;:[]},&quot;space_between_mobile&quot;:{&quot;unit&quot;:&quot;px&quot;,&quot;size&quot;:10,&quot;sizes&quot;:[]}}\" data-widget_type=\"testimonial-carousel.default\">\n\t\t\t\t\t\t\t\t\t\t<div class=\"elementor-main-swiper swiper\" role=\"region\" aria-roledescription=\"carousel\" aria-label=\"Slides\">\n\t\t\t\t<div class=\"swiper-wrapper\">\n\t\t\t\t\t\t\t\t\t\t\t<div class=\"swiper-slide\" role=\"group\" aria-roledescription=\"slide\">\n\t\t\t\t\t\t\t\t\t<div class=\"elementor-testimonial\">\n\t\t\t\t\t\t\t<div class=\"elementor-testimonial__content\">\n\t\t\t\t\t<div class=\"elementor-testimonial__text\">\n\t\t\t\t\t\tDer Kauf unserer Eigentumswohnung war eine unkomplizierte und rundum zufriedenstellende Angelegenheit. Wir verliebten uns sofort in die Wohnung.\t\t\t\t\t<\/div>\n\t\t\t\t\t<cite class=\"elementor-testimonial__cite\"><span class=\"elementor-testimonial__name\">Yvonne Steimer<\/span><span class=\"elementor-testimonial__title\">Kaufte mit uns Ihre Eigentumswohnung<\/span><\/cite>\t\t\t\t<\/div>\n\t\t\t\t\t\t<div class=\"elementor-testimonial__footer\">\n\t\t\t\t\t\t\t\t\t<div class=\"elementor-testimonial__image\">\n\t\t\t\t\t\t<img decoding=\"async\" src=\"https:\/\/www.dv-immo.ch\/wp-content\/uploads\/Yvonne-Steimer2.jpg\" alt=\"Yvonne Steimer\">\n\t\t\t\t\t\t\t\t\t\t\t<\/div>\n\t\t\t\t\t\t\t\t\t\t\t<\/div>\n\t\t<\/div>\n\t\t\t\t\t\t\t\t<\/div>\n\t\t\t\t\t\t\t\t\t<\/div>\n\t\t\t\t\t\t\t<\/div>\n\t\t\t\t\t\t\t\t<\/div>\n\t\t\t\t\t<\/div>\n\t\t<\/div>\n\t\t\t\t\t<\/div>\n\t\t<\/section>\n\t\t\t\t\t<\/div>\n\t\t<\/div>\n\t\t\t\t\t<\/div>\n\t\t<\/section>\n\t\t\t\t<section class=\"elementor-section elementor-top-section elementor-element elementor-element-3d3d669 elementor-section-boxed elementor-section-height-default elementor-section-height-default\" data-id=\"3d3d669\" data-element_type=\"section\" data-e-type=\"section\">\n\t\t\t\t\t\t<div class=\"elementor-container elementor-column-gap-default\">\n\t\t\t\t\t<div class=\"elementor-column elementor-col-100 elementor-top-column elementor-element elementor-element-87731ef\" data-id=\"87731ef\" data-element_type=\"column\" data-e-type=\"column\" data-settings=\"{&quot;animation&quot;:&quot;none&quot;}\">\n\t\t\t<div class=\"elementor-widget-wrap elementor-element-populated\">\n\t\t\t\t\t\t<div class=\"elementor-element elementor-element-868a147 elementor-testimonial--skin-bubble elementor-testimonial--layout-image_above elementor-testimonial--align-left elementor-arrows-yes elementor-pagination-type-bullets elementor-invisible elementor-widget elementor-widget-testimonial-carousel\" data-id=\"868a147\" data-element_type=\"widget\" data-e-type=\"widget\" data-settings=\"{&quot;slides_per_view&quot;:&quot;3&quot;,&quot;space_between&quot;:{&quot;unit&quot;:&quot;px&quot;,&quot;size&quot;:0,&quot;sizes&quot;:[]},&quot;_animation&quot;:&quot;lightSpeedIn&quot;,&quot;slides_to_scroll&quot;:&quot;3&quot;,&quot;show_arrows&quot;:&quot;yes&quot;,&quot;pagination&quot;:&quot;bullets&quot;,&quot;speed&quot;:500,&quot;loop&quot;:&quot;yes&quot;,&quot;space_between_tablet&quot;:{&quot;unit&quot;:&quot;px&quot;,&quot;size&quot;:10,&quot;sizes&quot;:[]},&quot;space_between_mobile&quot;:{&quot;unit&quot;:&quot;px&quot;,&quot;size&quot;:10,&quot;sizes&quot;:[]}}\" data-widget_type=\"testimonial-carousel.default\">\n\t\t\t\t\t\t\t\t\t\t<div class=\"elementor-main-swiper swiper\" role=\"region\" aria-roledescription=\"carousel\" aria-label=\"Slides\">\n\t\t\t\t<div class=\"swiper-wrapper\">\n\t\t\t\t\t\t\t\t\t\t\t<div class=\"swiper-slide\" role=\"group\" aria-roledescription=\"slide\">\n\t\t\t\t\t\t\t\t\t<div class=\"elementor-testimonial\">\n\t\t\t\t\t\t\t<div class=\"elementor-testimonial__content\">\n\t\t\t\t\t<div class=\"elementor-testimonial__text\">\n\t\t\t\t\t\tAls wir unser Haus inklusive B\u00fcrofl\u00e4che verkaufen wollten, hatten wir drei Immobilienb\u00fcros kontaktiert. Patrick Meyer von Della Valle Immobilien hat uns von Beginn weg durch ein engagiertes Auftreten beeindruckt. Er zeigte uns detailliert, auf welche Ressourcen er zur\u00fcckgreift und welche Massnahmen ergriffen werden. Der errechnete Immobilienwert schien uns  nachvollziehbar und marktgerecht. \t\t\t\t\t<\/div>\n\t\t\t\t\t\t\t\t\t<\/div>\n\t\t\t\t\t\t<div class=\"elementor-testimonial__footer\">\n\t\t\t\t\t\t\t\t\t<div class=\"elementor-testimonial__image\">\n\t\t\t\t\t\t<img decoding=\"async\" src=\"https:\/\/www.dv-immo.ch\/wp-content\/uploads\/Kerstin-und-Dieter-Bieler-150x150.jpg\" alt=\"Kerstin &amp; Dieter Bieler \">\n\t\t\t\t\t\t\t\t\t\t\t<\/div>\n\t\t\t\t\t\t\t\t<cite class=\"elementor-testimonial__cite\"><span class=\"elementor-testimonial__name\">Kerstin & Dieter Bieler <\/span><span class=\"elementor-testimonial__title\">Verkauften mit uns ihr Einfamilienhaus <\/span><\/cite>\t\t\t<\/div>\n\t\t<\/div>\n\t\t\t\t\t\t\t\t<\/div>\n\t\t\t\t\t\t\t\t\t\t\t<div class=\"swiper-slide\" role=\"group\" aria-roledescription=\"slide\">\n\t\t\t\t\t\t\t\t\t<div class=\"elementor-testimonial\">\n\t\t\t\t\t\t\t<div class=\"elementor-testimonial__content\">\n\t\t\t\t\t<div class=\"elementor-testimonial__text\">\n\t\t\t\t\t\tIch bin sehr froh, den Verkauf meiner Eigentumswohnung in die H\u00e4nde von Patrick Meyer gegeben zu haben. Mir war klar, dass ich mit ihm schlussendlich die richtige Wahl getroffen habe. Er hat mit grossem Fachwissen und Fingerspitzengef\u00fchl alles daf\u00fcr unternommen, die Immobilie zu einem marktgerechten Preis an neue Eigent\u00fcmer zu verkaufen. Damit sind nun beide Seiten mehr als zufrieden.\t\t\t\t\t<\/div>\n\t\t\t\t\t\t\t\t\t<\/div>\n\t\t\t\t\t\t<div class=\"elementor-testimonial__footer\">\n\t\t\t\t\t\t\t\t\t<div class=\"elementor-testimonial__image\">\n\t\t\t\t\t\t<img decoding=\"async\" src=\"https:\/\/www.dv-immo.ch\/wp-content\/uploads\/Brigitta-Ulrich-1-150x150.jpg\" alt=\"Brigitta Ulrich\">\n\t\t\t\t\t\t\t\t\t\t\t<\/div>\n\t\t\t\t\t\t\t\t<cite class=\"elementor-testimonial__cite\"><span class=\"elementor-testimonial__name\">Brigitta Ulrich<\/span><span class=\"elementor-testimonial__title\">Verkaufte mit uns ihre Eigentumswohnung<\/span><\/cite>\t\t\t<\/div>\n\t\t<\/div>\n\t\t\t\t\t\t\t\t<\/div>\n\t\t\t\t\t\t\t\t\t\t\t<div class=\"swiper-slide\" role=\"group\" aria-roledescription=\"slide\">\n\t\t\t\t\t\t\t\t\t<div class=\"elementor-testimonial\">\n\t\t\t\t\t\t\t<div class=\"elementor-testimonial__content\">\n\t\t\t\t\t<div class=\"elementor-testimonial__text\">\n\t\t\t\t\t\tDie Landparzelle unserer Familie in Eigenregie zu verkaufen f\u00fchrte nicht zum Ziel. Aufgrund der visuellen Pr\u00e4senz in der Zentralschweiz und der guten Reputation ist mir Della Valle Immobilien im Kopf geblieben. Bei der Bestandsaufnahme merkte ich, dass mein Vorhaben gut aufgehoben ist. Danach ging das Gesch\u00e4ft an Nadine K\u00e4gi \u00fcber; ihre Professionalit\u00e4t und ihr Eifer haben mich beeindruckt.\n\t\t\t\t\t<\/div>\n\t\t\t\t\t\t\t\t\t<\/div>\n\t\t\t\t\t\t<div class=\"elementor-testimonial__footer\">\n\t\t\t\t\t\t\t\t\t<div class=\"elementor-testimonial__image\">\n\t\t\t\t\t\t<img decoding=\"async\" src=\"https:\/\/www.dv-immo.ch\/wp-content\/uploads\/Bruno-Hiltl-klein.jpg\" alt=\"Bruno Hiltl\">\n\t\t\t\t\t\t\t\t\t\t\t<\/div>\n\t\t\t\t\t\t\t\t<cite class=\"elementor-testimonial__cite\"><span class=\"elementor-testimonial__name\">Bruno Hiltl<\/span><span class=\"elementor-testimonial__title\">Verkaufte mit uns sein Grundst\u00fcck<\/span><\/cite>\t\t\t<\/div>\n\t\t<\/div>\n\t\t\t\t\t\t\t\t<\/div>\n\t\t\t\t\t\t\t\t\t\t\t<div class=\"swiper-slide\" role=\"group\" aria-roledescription=\"slide\">\n\t\t\t\t\t\t\t\t\t<div class=\"elementor-testimonial\">\n\t\t\t\t\t\t\t<div class=\"elementor-testimonial__content\">\n\t\t\t\t\t<div class=\"elementor-testimonial__text\">\n\t\t\t\t\t\tF\u00fcr einen neuen Lebensabschnitt wollte ich meine Eigentumswohnung in \u00adMeggen verkaufen.  Umberto Della Valle hat die Aufgabe an seinen Mitarbeiter Marcel Bieri \u00fcbergeben. Er wusste mich mit seinem Engagement und seiner \u00fcberlegten Art zu \u00fcberzeugen. Es gab mir ein gutes \u00adGef\u00fchl, stets zu wissen, woran ich war. Der Verkauf wurde professionell begleitet und abgeschlossen.\t\t\t\t\t<\/div>\n\t\t\t\t\t\t\t\t\t<\/div>\n\t\t\t\t\t\t<div class=\"elementor-testimonial__footer\">\n\t\t\t\t\t\t\t\t\t<div class=\"elementor-testimonial__image\">\n\t\t\t\t\t\t<img decoding=\"async\" src=\"https:\/\/www.dv-immo.ch\/wp-content\/uploads\/Hedy-Bucher_klein.jpg\" alt=\"Hedy Bucher\">\n\t\t\t\t\t\t\t\t\t\t\t<\/div>\n\t\t\t\t\t\t\t\t<cite class=\"elementor-testimonial__cite\"><span class=\"elementor-testimonial__name\">Hedy Bucher<\/span><span class=\"elementor-testimonial__title\">Verkaufte mit uns ihre Eigentumswohnung<\/span><\/cite>\t\t\t<\/div>\n\t\t<\/div>\n\t\t\t\t\t\t\t\t<\/div>\n\t\t\t\t\t\t\t\t\t\t\t<div class=\"swiper-slide\" role=\"group\" aria-roledescription=\"slide\">\n\t\t\t\t\t\t\t\t\t<div class=\"elementor-testimonial\">\n\t\t\t\t\t\t\t<div class=\"elementor-testimonial__content\">\n\t\t\t\t\t<div class=\"elementor-testimonial__text\">\n\t\t\t\t\t\tAuf der Suche nach unserem neuen Zuhause sind wir auf die von Della Valle Immobilien ausgeschriebene Immobilie gestossen. Als wir dann pers\u00f6nlich mit Marcel Bieri in Kontakt traten, best\u00e4tigte sich unser gutes Bauchgef\u00fchl. Wir f\u00fchlten uns w\u00e4hrend des Kaufprozesses gewissenhaft und professionell betreut. Insbesondere sch\u00e4tzten wir die ehrliche, bodenst\u00e4ndige und zuvorkommende Art von Marcel Bieri. \t\t\t\t\t<\/div>\n\t\t\t\t\t\t\t\t\t<\/div>\n\t\t\t\t\t\t<div class=\"elementor-testimonial__footer\">\n\t\t\t\t\t\t\t\t\t<div class=\"elementor-testimonial__image\">\n\t\t\t\t\t\t<img decoding=\"async\" src=\"https:\/\/www.dv-immo.ch\/wp-content\/uploads\/Carmen-Jacob2-150x150.jpg\" alt=\"Carmen Jacob \">\n\t\t\t\t\t\t\t\t\t\t\t<\/div>\n\t\t\t\t\t\t\t\t<cite class=\"elementor-testimonial__cite\"><span class=\"elementor-testimonial__name\">Carmen Jacob <\/span><span class=\"elementor-testimonial__title\">Kaufte \u00fcber uns ein Einfamilienhaus<\/span><\/cite>\t\t\t<\/div>\n\t\t<\/div>\n\t\t\t\t\t\t\t\t<\/div>\n\t\t\t\t\t\t\t\t\t\t\t<div class=\"swiper-slide\" role=\"group\" aria-roledescription=\"slide\">\n\t\t\t\t\t\t\t\t\t<div class=\"elementor-testimonial\">\n\t\t\t\t\t\t\t<div class=\"elementor-testimonial__content\">\n\t\t\t\t\t<div class=\"elementor-testimonial__text\">\n\t\t\t\t\t\tMein Einfamilienhaus in Adligenswil wollte ich mit m\u00f6glichst geringem Aufwand verkaufen. Ich erlebte mit Della Valle Immobilien einen angenehmen Austausch, mir wurde ein guter Preis geboten, und ich begr\u00fcsste die schlanke Abwicklung des Verkaufs. Ich kann die Firma ebenfalls weiterempfehlen und mit gutem Gewissen sagen: Das Team ist freundlich und \u00e4usserst kompetent, es liefert stets ein Update der Infos. \t\t\t\t\t<\/div>\n\t\t\t\t\t\t\t\t\t<\/div>\n\t\t\t\t\t\t<div class=\"elementor-testimonial__footer\">\n\t\t\t\t\t\t\t\t\t<div class=\"elementor-testimonial__image\">\n\t\t\t\t\t\t<img decoding=\"async\" src=\"https:\/\/www.dv-immo.ch\/wp-content\/uploads\/Cornelia-Matt-500x500-1-150x150.jpg\" alt=\"Cornelia Matt \">\n\t\t\t\t\t\t\t\t\t\t\t<\/div>\n\t\t\t\t\t\t\t\t<cite class=\"elementor-testimonial__cite\"><span class=\"elementor-testimonial__name\">Cornelia Matt <\/span><span class=\"elementor-testimonial__title\">Verkaufte mit uns ihr Einfamilienhaus<\/span><\/cite>\t\t\t<\/div>\n\t\t<\/div>\n\t\t\t\t\t\t\t\t<\/div>\n\t\t\t\t\t\t\t\t\t\t\t<div class=\"swiper-slide\" role=\"group\" aria-roledescription=\"slide\">\n\t\t\t\t\t\t\t\t\t<div class=\"elementor-testimonial\">\n\t\t\t\t\t\t\t<div class=\"elementor-testimonial__content\">\n\t\t\t\t\t<div class=\"elementor-testimonial__text\">\n\t\t\t\t\t\tIch beschloss, den Hausverkauf und die damit verbundenen Aufwendungen einem Profi zu \u00fcberlassen. Ich w\u00e4hlte das Immobilienunternehmen, das einen durchwegs positiven Eindruck hinterlassen und den plausibelsten Verkaufspreis vorgeschlagen hatte. So kam Patrick Meyer ins Spiel. Der Verkauf ging innert n\u00fctzlicher Frist und zu einem f\u00fcr beide Parteien fairen Preis vonstatten.\t\t\t\t\t<\/div>\n\t\t\t\t\t\t\t\t\t<\/div>\n\t\t\t\t\t\t<div class=\"elementor-testimonial__footer\">\n\t\t\t\t\t\t\t\t\t<div class=\"elementor-testimonial__image\">\n\t\t\t\t\t\t<img decoding=\"async\" src=\"https:\/\/www.dv-immo.ch\/wp-content\/uploads\/Delfosse_klein.jpg\" alt=\"Peter Delfosse \">\n\t\t\t\t\t\t\t\t\t\t\t<\/div>\n\t\t\t\t\t\t\t\t<cite class=\"elementor-testimonial__cite\"><span class=\"elementor-testimonial__name\">Peter Delfosse <\/span><span class=\"elementor-testimonial__title\">Verkaufte mit uns sein Einfamilienhaus<\/span><\/cite>\t\t\t<\/div>\n\t\t<\/div>\n\t\t\t\t\t\t\t\t<\/div>\n\t\t\t\t\t\t\t\t\t\t\t<div class=\"swiper-slide\" role=\"group\" aria-roledescription=\"slide\">\n\t\t\t\t\t\t\t\t\t<div class=\"elementor-testimonial\">\n\t\t\t\t\t\t\t<div class=\"elementor-testimonial__content\">\n\t\t\t\t\t<div class=\"elementor-testimonial__text\">\n\t\t\t\t\t\tMeine Mutter und ich wollten unsere Wohnungen verkaufen. Schon das erste Treffen mit Herrn Meyer hat uns nicht nur aus gesch\u00e4ftlicher, sondern auch aus zwischenmenschlicher Sicht beeindruckt. Er war von Beginn an sehr offen, konnte gut zuh\u00f6ren und hat unsere Anliegen stets zeitnah und mit der n\u00f6tigen Sorgfalt behandelt. Die Immobilien konnten wir zeitnah und zu einem marktgerechten Preis verkaufen.\t\t\t\t\t<\/div>\n\t\t\t\t\t\t\t\t\t<\/div>\n\t\t\t\t\t\t<div class=\"elementor-testimonial__footer\">\n\t\t\t\t\t\t\t\t\t<div class=\"elementor-testimonial__image\">\n\t\t\t\t\t\t<img decoding=\"async\" src=\"https:\/\/www.dv-immo.ch\/wp-content\/uploads\/Franz-Gisler_klein.jpg\" alt=\"Franz Gisler\">\n\t\t\t\t\t\t\t\t\t\t\t<\/div>\n\t\t\t\t\t\t\t\t<cite class=\"elementor-testimonial__cite\"><span class=\"elementor-testimonial__name\">Franz Gisler<\/span><span class=\"elementor-testimonial__title\">Verkaufte mit uns seine Eigentumswohnungen<\/span><\/cite>\t\t\t<\/div>\n\t\t<\/div>\n\t\t\t\t\t\t\t\t<\/div>\n\t\t\t\t\t\t\t\t\t\t\t<div class=\"swiper-slide\" role=\"group\" aria-roledescription=\"slide\">\n\t\t\t\t\t\t\t\t\t<div class=\"elementor-testimonial\">\n\t\t\t\t\t\t\t<div class=\"elementor-testimonial__content\">\n\t\t\t\t\t<div class=\"elementor-testimonial__text\">\n\t\t\t\t\t\tAuf der Suche nach einer eigenen Wohnung sind wir auf das von Della Valle Immobilien ausgeschriebene Objekt gestossen. Ufuk Simsek schickte uns umgehend eine E-Mail mit PDF-Dokumentation. Die Wohnung hatte alles, was wir uns w\u00fcnschten und wurde zu einem marktgerechten Preis angeboten. Dabei war Herr Simsek stets zuvorkommend. Wir haben uns bei ihm gut aufgehoben gef\u00fchlt.\t\t\t\t\t<\/div>\n\t\t\t\t\t\t\t\t\t<\/div>\n\t\t\t\t\t\t<div class=\"elementor-testimonial__footer\">\n\t\t\t\t\t\t\t\t\t<div class=\"elementor-testimonial__image\">\n\t\t\t\t\t\t<img decoding=\"async\" src=\"https:\/\/www.dv-immo.ch\/wp-content\/uploads\/Lehmann_klein.jpg\" alt=\"Franziska &amp; Salomo Lehmann\">\n\t\t\t\t\t\t\t\t\t\t\t<\/div>\n\t\t\t\t\t\t\t\t<cite class=\"elementor-testimonial__cite\"><span class=\"elementor-testimonial__name\">Franziska & Salomo Lehmann<\/span><span class=\"elementor-testimonial__title\">Kauften \u00fcber uns ihre Eigentumswohnung<\/span><\/cite>\t\t\t<\/div>\n\t\t<\/div>\n\t\t\t\t\t\t\t\t<\/div>\n\t\t\t\t\t\t\t\t\t\t\t<div class=\"swiper-slide\" role=\"group\" aria-roledescription=\"slide\">\n\t\t\t\t\t\t\t\t\t<div class=\"elementor-testimonial\">\n\t\t\t\t\t\t\t<div class=\"elementor-testimonial__content\">\n\t\t\t\t\t<div class=\"elementor-testimonial__text\">\n\t\t\t\t\t\tWir wurden durch Empfehlungen auf Della Valle Immobilien aufmerksam, da sie auch exklusivere Immobilien in ihrem Portfolio f\u00fchren. Dank ambitionierten Verkaufsanstrengungen sind vom Erstkontakt bis zur Verschreibung des Hauses nur wenige Monate vergangen. Bei Della Valle Immobilien arbeiten Menschen, die ihr Metier verstehen und es mit Engagement aus\u00fcben \u2013 ihr Chef als bestes Vorbild. \t\t\t\t\t<\/div>\n\t\t\t\t\t\t\t\t\t<\/div>\n\t\t\t\t\t\t<div class=\"elementor-testimonial__footer\">\n\t\t\t\t\t\t\t\t\t<div class=\"elementor-testimonial__image\">\n\t\t\t\t\t\t<img decoding=\"async\" src=\"https:\/\/www.dv-immo.ch\/wp-content\/uploads\/Hans-Koch_klein.jpg\" alt=\"Hans Koch \">\n\t\t\t\t\t\t\t\t\t\t\t<\/div>\n\t\t\t\t\t\t\t\t<cite class=\"elementor-testimonial__cite\"><span class=\"elementor-testimonial__name\">Hans Koch <\/span><span class=\"elementor-testimonial__title\">Verkaufte mit uns sein Einfamilienhaus<\/span><\/cite>\t\t\t<\/div>\n\t\t<\/div>\n\t\t\t\t\t\t\t\t<\/div>\n\t\t\t\t\t\t\t\t\t\t\t<div class=\"swiper-slide\" role=\"group\" aria-roledescription=\"slide\">\n\t\t\t\t\t\t\t\t\t<div class=\"elementor-testimonial\">\n\t\t\t\t\t\t\t<div class=\"elementor-testimonial__content\">\n\t\t\t\t\t<div class=\"elementor-testimonial__text\">\n\t\t\t\t\t\tMeiner Frau und mir war klar, dass wir eine eigene Immobilie auf der Rigi haben m\u00f6chten. Im Internet sind wir dann auf  eine Eigentumswohnung von Della Valle Immobilien gestossen. Schon beim ersten Kontakt mit Marcel Bieri f\u00fchlten wir uns gut aufgehoben. Er war mit seiner besonnenen, unaufdringlichen und professionellen Art immer ein angenehmer Gesch\u00e4ftspartner.\t\t\t\t\t<\/div>\n\t\t\t\t\t\t\t\t\t<\/div>\n\t\t\t\t\t\t<div class=\"elementor-testimonial__footer\">\n\t\t\t\t\t\t\t\t\t<div class=\"elementor-testimonial__image\">\n\t\t\t\t\t\t<img decoding=\"async\" src=\"https:\/\/www.dv-immo.ch\/wp-content\/uploads\/Josef-Kost-Nepple_web-150x150.jpg\" alt=\"Josef Kost-Nepple\">\n\t\t\t\t\t\t\t\t\t\t\t<\/div>\n\t\t\t\t\t\t\t\t<cite class=\"elementor-testimonial__cite\"><span class=\"elementor-testimonial__name\">Josef Kost-Nepple<\/span><span class=\"elementor-testimonial__title\">Kaufte \u00fcber uns seine Eigentumswohnung<\/span><\/cite>\t\t\t<\/div>\n\t\t<\/div>\n\t\t\t\t\t\t\t\t<\/div>\n\t\t\t\t\t\t\t\t\t\t\t<div class=\"swiper-slide\" role=\"group\" aria-roledescription=\"slide\">\n\t\t\t\t\t\t\t\t\t<div class=\"elementor-testimonial\">\n\t\t\t\t\t\t\t<div class=\"elementor-testimonial__content\">\n\t\t\t\t\t<div class=\"elementor-testimonial__text\">\n\t\t\t\t\t\tUrs Baumberger hat etwas geschafft, das wir selber kaum f\u00fcr m\u00f6glich hielten. Unser Wunsch war, unsere Immobilie m\u00f6glichst bald zu verkaufen. Er hat sich so stark engagiert, dass er den Verkauf innert nur zwei Monaten zum vereinbarten Preis abwickeln konnte. Wir w\u00fcrden ihn jederzeit weiterempfehlen. Sein umfassendes Wissen und sein Engagement haben uns sehr beeindruckt.\t\t\t\t\t<\/div>\n\t\t\t\t\t\t\t\t\t<\/div>\n\t\t\t\t\t\t<div class=\"elementor-testimonial__footer\">\n\t\t\t\t\t\t\t\t\t<div class=\"elementor-testimonial__image\">\n\t\t\t\t\t\t<img decoding=\"async\" src=\"https:\/\/www.dv-immo.ch\/wp-content\/uploads\/Landis_klein.jpg\" alt=\"Beatrice und Beat Landis\">\n\t\t\t\t\t\t\t\t\t\t\t<\/div>\n\t\t\t\t\t\t\t\t<cite class=\"elementor-testimonial__cite\"><span class=\"elementor-testimonial__name\">Beatrice und Beat Landis<\/span><span class=\"elementor-testimonial__title\">Verkauften durch uns ihre Stadtwohnung<\/span><\/cite>\t\t\t<\/div>\n\t\t<\/div>\n\t\t\t\t\t\t\t\t<\/div>\n\t\t\t\t\t\t\t\t\t\t\t<div class=\"swiper-slide\" role=\"group\" aria-roledescription=\"slide\">\n\t\t\t\t\t\t\t\t\t<div class=\"elementor-testimonial\">\n\t\t\t\t\t\t\t<div class=\"elementor-testimonial__content\">\n\t\t\t\t\t<div class=\"elementor-testimonial__text\">\n\t\t\t\t\t\tWeil meine Mama mit 96 Jahren ins Altersheim kam, wollte ich das Haus verkaufen. Der Tipp unseres Bankers war gut: Della Valle Immobilien \u00fcbernahm und fand ein junges P\u00e4rchen. Ich kann die Firma in allen Bereichen weiterempfehlen, weil das Gesch\u00e4ft schnell und effizient abgewickelt wurde. Verk\u00e4ufer Ufuk Simsek hat eine Expertise gemacht und den Verkauf gem\u00e4ss meinen W\u00fcnschen professionell abgewickelt.\t\t\t\t\t<\/div>\n\t\t\t\t\t\t\t\t\t<\/div>\n\t\t\t\t\t\t<div class=\"elementor-testimonial__footer\">\n\t\t\t\t\t\t\t\t\t<div class=\"elementor-testimonial__image\">\n\t\t\t\t\t\t<img decoding=\"async\" src=\"https:\/\/www.dv-immo.ch\/wp-content\/uploads\/Mario-Gasser_klein.jpg\" alt=\"Mario Gasser \">\n\t\t\t\t\t\t\t\t\t\t\t<\/div>\n\t\t\t\t\t\t\t\t<cite class=\"elementor-testimonial__cite\"><span class=\"elementor-testimonial__name\">Mario Gasser <\/span><span class=\"elementor-testimonial__title\">Verkaufte durch uns sein Einfamilienhaus<\/span><\/cite>\t\t\t<\/div>\n\t\t<\/div>\n\t\t\t\t\t\t\t\t<\/div>\n\t\t\t\t\t\t\t\t\t\t\t<div class=\"swiper-slide\" role=\"group\" aria-roledescription=\"slide\">\n\t\t\t\t\t\t\t\t\t<div class=\"elementor-testimonial\">\n\t\t\t\t\t\t\t<div class=\"elementor-testimonial__content\">\n\t\t\t\t\t<div class=\"elementor-testimonial__text\">\n\t\t\t\t\t\tWir wollten in eine kleinere Eigentumswohnung wechseln. Im Internet stiessen wir auf die geplante Richtipark-\u00dcberbauung und meldeten unser Interesse bei Della Valle Immobilien an. Immobilienvermarkter Jost F\u00e4hndrich \u00fcberzeugte uns schnell von der grossz\u00fcgigen Anlage mit Park. Wir waren mit der Beratung derart zufrieden, dass wir auch das Angebot nutzten, unser Haus gleich vom Della-Valle-Team zu verkaufen. \t\t\t\t\t<\/div>\n\t\t\t\t\t\t\t\t\t<\/div>\n\t\t\t\t\t\t<div class=\"elementor-testimonial__footer\">\n\t\t\t\t\t\t\t\t\t<div class=\"elementor-testimonial__image\">\n\t\t\t\t\t\t<img decoding=\"async\" src=\"https:\/\/www.dv-immo.ch\/wp-content\/uploads\/Bechtiger_klein-1.jpg\" alt=\"Monika &amp; Markus Bechtiger \">\n\t\t\t\t\t\t\t\t\t\t\t<\/div>\n\t\t\t\t\t\t\t\t<cite class=\"elementor-testimonial__cite\"><span class=\"elementor-testimonial__name\">Monika & Markus Bechtiger <\/span><span class=\"elementor-testimonial__title\">K\u00e4ufer und Verk\u00e4ufer <\/span><\/cite>\t\t\t<\/div>\n\t\t<\/div>\n\t\t\t\t\t\t\t\t<\/div>\n\t\t\t\t\t\t\t\t\t\t\t<div class=\"swiper-slide\" role=\"group\" aria-roledescription=\"slide\">\n\t\t\t\t\t\t\t\t\t<div class=\"elementor-testimonial\">\n\t\t\t\t\t\t\t<div class=\"elementor-testimonial__content\">\n\t\t\t\t\t<div class=\"elementor-testimonial__text\">\n\t\t\t\t\t\tIch habe mit Della Valle Immobilien eine Eigentumswohnung gekauft, um diese nun ebenfalls \u00fcber sie zu vermieten. Dass alles so reibungslos vonstatten gegangen ist, habe ich Nadine K\u00e4gi zu verdanken. Sie hat gem\u00e4ss meinen Wunschvorstellungen richtig Gas gegeben. Und da sich die Profis von Della Valle Immobilien um Kauf, Verkauf und Vermietung von Immobilien k\u00fcmmern, sind ein starkes Netzwerk und kurze Wege gegeben.\t\t\t\t\t<\/div>\n\t\t\t\t\t\t\t\t\t<\/div>\n\t\t\t\t\t\t<div class=\"elementor-testimonial__footer\">\n\t\t\t\t\t\t\t\t\t<div class=\"elementor-testimonial__image\">\n\t\t\t\t\t\t<img decoding=\"async\" src=\"https:\/\/www.dv-immo.ch\/wp-content\/uploads\/Kathrin-Mueller_klein.jpg\" alt=\"Kathrin M\u00fcller \">\n\t\t\t\t\t\t\t\t\t\t\t<\/div>\n\t\t\t\t\t\t\t\t<cite class=\"elementor-testimonial__cite\"><span class=\"elementor-testimonial__name\">Kathrin M\u00fcller <\/span><span class=\"elementor-testimonial__title\">Kaufte und vermietete ihre Eigentumswohnung<\/span><\/cite>\t\t\t<\/div>\n\t\t<\/div>\n\t\t\t\t\t\t\t\t<\/div>\n\t\t\t\t\t\t\t\t\t\t\t<div class=\"swiper-slide\" role=\"group\" aria-roledescription=\"slide\">\n\t\t\t\t\t\t\t\t\t<div class=\"elementor-testimonial\">\n\t\t\t\t\t\t\t<div class=\"elementor-testimonial__content\">\n\t\t\t\t\t<div class=\"elementor-testimonial__text\">\n\t\t\t\t\t\tWir sind seit Jahren zufriedene Kunden von Umberto Della Valles Team. F\u00fcr uns eine Ehrensache, dass wir auch unsere Attika-Eigentumswohnung in Inwil \u00fcber Della Valle Immobilien ver\u00e4usserten. Della Valle steht f\u00fcr 100 Prozent Verlass, die Mitarbeitenden sind kompetent und hilfsbereit. Bei Della Valle Immobilien arbeiten Profis mit grosser Erfahrung und ansteckender Leidenschaft.\t\t\t\t\t<\/div>\n\t\t\t\t\t\t\t\t\t<\/div>\n\t\t\t\t\t\t<div class=\"elementor-testimonial__footer\">\n\t\t\t\t\t\t\t\t\t<div class=\"elementor-testimonial__image\">\n\t\t\t\t\t\t<img decoding=\"async\" src=\"https:\/\/www.dv-immo.ch\/wp-content\/uploads\/Veerl-van-Hoecke_klein.jpg\" alt=\"Veerle &amp; Nico Van Hoecke\">\n\t\t\t\t\t\t\t\t\t\t\t<\/div>\n\t\t\t\t\t\t\t\t<cite class=\"elementor-testimonial__cite\"><span class=\"elementor-testimonial__name\">Veerle & Nico Van Hoecke<\/span><span class=\"elementor-testimonial__title\">Verkauften durch uns ihre Eigentumswohnung<\/span><\/cite>\t\t\t<\/div>\n\t\t<\/div>\n\t\t\t\t\t\t\t\t<\/div>\n\t\t\t\t\t\t\t\t\t\t\t<div class=\"swiper-slide\" role=\"group\" aria-roledescription=\"slide\">\n\t\t\t\t\t\t\t\t\t<div class=\"elementor-testimonial\">\n\t\t\t\t\t\t\t<div class=\"elementor-testimonial__content\">\n\t\t\t\t\t<div class=\"elementor-testimonial__text\">\n\t\t\t\t\t\t30 Jahre lebten wir zufrieden in unserer Attika-Eigentumswohnung. Aufs Alter hin wollten meine Frau und ich unser Heim verkaufen. Ich bin froh, die Verantwortung in die H\u00e4nde von Patrick Meyer von Della Valle Immobilien gelegt zu haben. Er nahm sich viel Zeit f\u00fcrs Vorgehen und f\u00fcr die Abwicklung. Ich darf Della Valle Immobilien weiterempfehlen: Das Team bietet perfekten Service \u2013 auch nach dem Verkauf.\t\t\t\t\t<\/div>\n\t\t\t\t\t\t\t\t\t<\/div>\n\t\t\t\t\t\t<div class=\"elementor-testimonial__footer\">\n\t\t\t\t\t\t\t\t\t<div class=\"elementor-testimonial__image\">\n\t\t\t\t\t\t<img decoding=\"async\" src=\"https:\/\/www.dv-immo.ch\/wp-content\/uploads\/Oskar-M-Berli_klein.jpg\" alt=\"Oscar M. Berli\">\n\t\t\t\t\t\t\t\t\t\t\t<\/div>\n\t\t\t\t\t\t\t\t<cite class=\"elementor-testimonial__cite\"><span class=\"elementor-testimonial__name\">Oscar M. Berli<\/span><span class=\"elementor-testimonial__title\">Verkaufte durch uns seine Attikawohnung<\/span><\/cite>\t\t\t<\/div>\n\t\t<\/div>\n\t\t\t\t\t\t\t\t<\/div>\n\t\t\t\t\t\t\t\t\t\t\t<div class=\"swiper-slide\" role=\"group\" aria-roledescription=\"slide\">\n\t\t\t\t\t\t\t\t\t<div class=\"elementor-testimonial\">\n\t\t\t\t\t\t\t<div class=\"elementor-testimonial__content\">\n\t\t\t\t\t<div class=\"elementor-testimonial__text\">\n\t\t\t\t\t\tMeine Frau und ich hatten uns dazu entschlossen, unser Einfamilienhaus zu verkaufen. Patrick Meyer von Della Valle Immobilien in Horw hat uns bei diesem Unterfangen von Anfang bis Ende zuverl\u00e4ssig begleitet und unterst\u00fctzt. Er  hat nie die Ruhe und Geduld verloren und uns zu jeder Zeit engagiert zur Seite gestanden. Seine Professionalit\u00e4t, Raffinesse, Freundlichkeit und Besonnenheit haben uns unglaublich beeindruckt. \t\t\t\t\t<\/div>\n\t\t\t\t\t\t\t\t\t<\/div>\n\t\t\t\t\t\t<div class=\"elementor-testimonial__footer\">\n\t\t\t\t\t\t\t\t\t<div class=\"elementor-testimonial__image\">\n\t\t\t\t\t\t<img decoding=\"async\" src=\"https:\/\/www.dv-immo.ch\/wp-content\/uploads\/Rene-Stettler-web--150x150.jpg\" alt=\"Ren\u00e9 Stettler\">\n\t\t\t\t\t\t\t\t\t\t\t<\/div>\n\t\t\t\t\t\t\t\t<cite class=\"elementor-testimonial__cite\"><span class=\"elementor-testimonial__name\">Ren\u00e9 Stettler<\/span><span class=\"elementor-testimonial__title\">Verkaufte durch uns sein Einfamilienhaus<\/span><\/cite>\t\t\t<\/div>\n\t\t<\/div>\n\t\t\t\t\t\t\t\t<\/div>\n\t\t\t\t\t\t\t\t\t\t\t<div class=\"swiper-slide\" role=\"group\" aria-roledescription=\"slide\">\n\t\t\t\t\t\t\t\t\t<div class=\"elementor-testimonial\">\n\t\t\t\t\t\t\t<div class=\"elementor-testimonial__content\">\n\t\t\t\t\t<div class=\"elementor-testimonial__text\">\n\t\t\t\t\t\tMeine Frau und ich wollten unseren Lebensmittelpunkt verlagern. Wir haben mit Della Valle Immobilien die optimale Unterst\u00fctzung erhalten. Dieses Unterfangen war ein Balanceakt, der viel Fingerspitzengef\u00fchl, Verhandlungsgeschick, Know-how und Empathie verlangte. Dass schlussendlich alles gut geklappt hat, verdanken wir der grossartigen Arbeit von Della Valle Immobilien.\t\t\t\t\t<\/div>\n\t\t\t\t\t\t\t\t\t<\/div>\n\t\t\t\t\t\t<div class=\"elementor-testimonial__footer\">\n\t\t\t\t\t\t\t\t\t<div class=\"elementor-testimonial__image\">\n\t\t\t\t\t\t<img decoding=\"async\" src=\"https:\/\/www.dv-immo.ch\/wp-content\/uploads\/Roland-Eggli_klein.jpg\" alt=\"Roland Eggli\">\n\t\t\t\t\t\t\t\t\t\t\t<\/div>\n\t\t\t\t\t\t\t\t<cite class=\"elementor-testimonial__cite\"><span class=\"elementor-testimonial__name\">Roland Eggli<\/span><span class=\"elementor-testimonial__title\">Verk\u00e4ufer und K\u00e4ufer Eigentumswohnung<\/span><\/cite>\t\t\t<\/div>\n\t\t<\/div>\n\t\t\t\t\t\t\t\t<\/div>\n\t\t\t\t\t\t\t\t\t\t\t<div class=\"swiper-slide\" role=\"group\" aria-roledescription=\"slide\">\n\t\t\t\t\t\t\t\t\t<div class=\"elementor-testimonial\">\n\t\t\t\t\t\t\t<div class=\"elementor-testimonial__content\">\n\t\t\t\t\t<div class=\"elementor-testimonial__text\">\n\t\t\t\t\t\tEine Freundin von mir hatte mich auf eine sich im Bau befindende Immobilie in Weggis aufmerksam gemacht: es war Liebe auf den ersten Blick. Die Immobilienvermarkterin Nadine K\u00e4gi hat mich w\u00e4hrend des gesamten Prozesses kompetent und sympathisch begleitet und sich stets umgehend um meine Anliegen gek\u00fcmmert. Sie passte sich immer meinem Temperament und Tempo an, was gar nicht so einfach ist (lacht).\t\t\t\t\t<\/div>\n\t\t\t\t\t\t\t\t\t<\/div>\n\t\t\t\t\t\t<div class=\"elementor-testimonial__footer\">\n\t\t\t\t\t\t\t\t\t<div class=\"elementor-testimonial__image\">\n\t\t\t\t\t\t<img decoding=\"async\" src=\"https:\/\/www.dv-immo.ch\/wp-content\/uploads\/Sonja-Huber_klein.jpg\" alt=\"Sonja Huber\">\n\t\t\t\t\t\t\t\t\t\t\t<\/div>\n\t\t\t\t\t\t\t\t<cite class=\"elementor-testimonial__cite\"><span class=\"elementor-testimonial__name\">Sonja Huber<\/span><span class=\"elementor-testimonial__title\">Kaufte \u00fcber uns ihre Eigentumswohnung<\/span><\/cite>\t\t\t<\/div>\n\t\t<\/div>\n\t\t\t\t\t\t\t\t<\/div>\n\t\t\t\t\t\t\t\t\t\t\t<div class=\"swiper-slide\" role=\"group\" aria-roledescription=\"slide\">\n\t\t\t\t\t\t\t\t\t<div class=\"elementor-testimonial\">\n\t\t\t\t\t\t\t<div class=\"elementor-testimonial__content\">\n\t\t\t\t\t<div class=\"elementor-testimonial__text\">\n\t\t\t\t\t\tWir sind sehr zufrieden, dass wir unser Einfamilienhaus innert k\u00fcrzester Zeit mit Hilfe von Patrick Meyer verkaufen konnten. Die Zusammenarbeit mit ihm war von Beginn weg sehr angenehm. Er hat stets proaktiv kommuniziert. Zudem hat Della Valle Immobilien eine hochwertige Dokumentation der Immobilie erstellt, welche unter anderem mit Drohnenbildern unterst\u00fctzt wurde. \t\t\t\t\t<\/div>\n\t\t\t\t\t\t\t\t\t<\/div>\n\t\t\t\t\t\t<div class=\"elementor-testimonial__footer\">\n\t\t\t\t\t\t\t\t\t<div class=\"elementor-testimonial__image\">\n\t\t\t\t\t\t<img decoding=\"async\" src=\"https:\/\/www.dv-immo.ch\/wp-content\/uploads\/Sophia-Horst-web-150x150.jpg\" alt=\"Sophia Horst\">\n\t\t\t\t\t\t\t\t\t\t\t<\/div>\n\t\t\t\t\t\t\t\t<cite class=\"elementor-testimonial__cite\"><span class=\"elementor-testimonial__name\">Sophia Horst<\/span><span class=\"elementor-testimonial__title\">Verkaufte durch uns ihr Einfamilienhaus<\/span><\/cite>\t\t\t<\/div>\n\t\t<\/div>\n\t\t\t\t\t\t\t\t<\/div>\n\t\t\t\t\t\t\t\t\t\t\t<div class=\"swiper-slide\" role=\"group\" aria-roledescription=\"slide\">\n\t\t\t\t\t\t\t\t\t<div class=\"elementor-testimonial\">\n\t\t\t\t\t\t\t<div class=\"elementor-testimonial__content\">\n\t\t\t\t\t<div class=\"elementor-testimonial__text\">\n\t\t\t\t\t\tObwohl ich wusste, dass es die einzig richtige Entscheidung war, fiel es mir schwer, mein Stadthaus in Luzern zu verkaufen. Als ich dann die Ausschreibung des Felmiparks entdeckte, wusste ich, da w\u00fcrde ich mich zuhause f\u00fchlen. Umberto Della Valle hat mich w\u00e4hrend des gesamten Prozesses begleitet und offen und fair beraten. Er half mir beim Planen des Innenausbaus, das entlastete mich enorm.\t\t\t\t\t<\/div>\n\t\t\t\t\t\t\t\t\t<\/div>\n\t\t\t\t\t\t<div class=\"elementor-testimonial__footer\">\n\t\t\t\t\t\t\t\t\t<div class=\"elementor-testimonial__image\">\n\t\t\t\t\t\t<img decoding=\"async\" src=\"https:\/\/www.dv-immo.ch\/wp-content\/uploads\/Thali_klein.jpg\" alt=\"Emma Thali\">\n\t\t\t\t\t\t\t\t\t\t\t<\/div>\n\t\t\t\t\t\t\t\t<cite class=\"elementor-testimonial__cite\"><span class=\"elementor-testimonial__name\">Emma Thali<\/span><span class=\"elementor-testimonial__title\">Eigent\u00fcmerin einer Wohnung<\/span><\/cite>\t\t\t<\/div>\n\t\t<\/div>\n\t\t\t\t\t\t\t\t<\/div>\n\t\t\t\t\t\t\t\t\t\t\t<div class=\"swiper-slide\" role=\"group\" aria-roledescription=\"slide\">\n\t\t\t\t\t\t\t\t\t<div class=\"elementor-testimonial\">\n\t\t\t\t\t\t\t<div class=\"elementor-testimonial__content\">\n\t\t\t\t\t<div class=\"elementor-testimonial__text\">\n\t\t\t\t\t\tAls wir das attraktiv gestaltete Inserat der von Della Valle Immobilien ausgeschriebenen Eigentumswohnung gesehen hatten, nahmen wir sofort Kontakt mit Immobilienvermarkterin Nadine K\u00e4gi auf. Ihr Flair f\u00fcr Menschen macht es ihr leicht, auf die Bed\u00fcrfnisse ihrer Kunden einzugehen. Dass sie zum Notartermin einen Blumenstrauss mitbrachte, rundete die perfekte Zusammenarbeit optimal ab.\t\t\t\t\t<\/div>\n\t\t\t\t\t\t\t\t\t<\/div>\n\t\t\t\t\t\t<div class=\"elementor-testimonial__footer\">\n\t\t\t\t\t\t\t\t\t<div class=\"elementor-testimonial__image\">\n\t\t\t\t\t\t<img decoding=\"async\" src=\"https:\/\/www.dv-immo.ch\/wp-content\/uploads\/Toni-Betschart_klein.jpg\" alt=\"Toni Betschart\">\n\t\t\t\t\t\t\t\t\t\t\t<\/div>\n\t\t\t\t\t\t\t\t<cite class=\"elementor-testimonial__cite\"><span class=\"elementor-testimonial__name\">Toni Betschart<\/span><span class=\"elementor-testimonial__title\">Kaufte \u00fcber uns eine Eigentumswohnung<\/span><\/cite>\t\t\t<\/div>\n\t\t<\/div>\n\t\t\t\t\t\t\t\t<\/div>\n\t\t\t\t\t\t\t\t\t\t\t<div class=\"swiper-slide\" role=\"group\" aria-roledescription=\"slide\">\n\t\t\t\t\t\t\t\t\t<div class=\"elementor-testimonial\">\n\t\t\t\t\t\t\t<div class=\"elementor-testimonial__content\">\n\t\t\t\t\t<div class=\"elementor-testimonial__text\">\n\t\t\t\t\t\tDie Zeit war reif, uns nach vielen Jahren in unserer Maisonette-Wohnung f\u00fcr eine neue Immobilie zu entscheiden. Patrick Meyer hatte uns schnell davon \u00fcberzeugt, dass er f\u00fcr die Aufgabe genau der Richtige war. Er war bestrebt, f\u00fcr die Immobilie einen marktgerechten, auf die besondere Lage abgestimmten Preis zu erlangen. Dank Patrick Meyer ist der Prozess f\u00fcr alle Parteien reibungslos vonstatten gegangen.\t\t\t\t\t<\/div>\n\t\t\t\t\t\t\t\t\t<\/div>\n\t\t\t\t\t\t<div class=\"elementor-testimonial__footer\">\n\t\t\t\t\t\t\t\t\t<div class=\"elementor-testimonial__image\">\n\t\t\t\t\t\t<img decoding=\"async\" src=\"https:\/\/www.dv-immo.ch\/wp-content\/uploads\/Wigger_klein.jpg\" alt=\"Ruth &amp; Andreas Wigger\">\n\t\t\t\t\t\t\t\t\t\t\t<\/div>\n\t\t\t\t\t\t\t\t<cite class=\"elementor-testimonial__cite\"><span class=\"elementor-testimonial__name\">Ruth & Andreas Wigger<\/span><span class=\"elementor-testimonial__title\">Verkauften durch uns ihre Eigentumswohnung<\/span><\/cite>\t\t\t<\/div>\n\t\t<\/div>\n\t\t\t\t\t\t\t\t<\/div>\n\t\t\t\t\t\t\t\t\t\t\t<div class=\"swiper-slide\" role=\"group\" aria-roledescription=\"slide\">\n\t\t\t\t\t\t\t\t\t<div class=\"elementor-testimonial\">\n\t\t\t\t\t\t\t<div class=\"elementor-testimonial__content\">\n\t\t\t\t\t<div class=\"elementor-testimonial__text\">\n\t\t\t\t\t\tDer Kauf unserer Eigentumswohnung war eine unkomplizierte und rundum zufriedenstellende Angelegenheit. Wir entdeckten das ansprechend aufbereitete und informative Inserat auf Comparis.ch und  verliebten uns sofort in die Wohnung. Jost F\u00e4hndrich hat uns w\u00e4hrend des gesamten Kaufprozesses unterst\u00fctzend beraten. F\u00fcr die professionelle und freundliche Betreuung waren wir sehr dankbar.\t\t\t\t\t<\/div>\n\t\t\t\t\t\t\t\t\t<\/div>\n\t\t\t\t\t\t<div class=\"elementor-testimonial__footer\">\n\t\t\t\t\t\t\t\t\t<div class=\"elementor-testimonial__image\">\n\t\t\t\t\t\t<img decoding=\"async\" src=\"https:\/\/www.dv-immo.ch\/wp-content\/uploads\/Steimer_klein.jpg\" alt=\"Yvonne Steimer\">\n\t\t\t\t\t\t\t\t\t\t\t<\/div>\n\t\t\t\t\t\t\t\t<cite class=\"elementor-testimonial__cite\"><span class=\"elementor-testimonial__name\">Yvonne Steimer<\/span><span class=\"elementor-testimonial__title\">Kaufte \u00fcber uns ihre Eigentumswohnung<\/span><\/cite>\t\t\t<\/div>\n\t\t<\/div>\n\t\t\t\t\t\t\t\t<\/div>\n\t\t\t\t\t\t\t\t\t\t\t<div class=\"swiper-slide\" role=\"group\" aria-roledescription=\"slide\">\n\t\t\t\t\t\t\t\t\t<div class=\"elementor-testimonial\">\n\t\t\t\t\t\t\t<div class=\"elementor-testimonial__content\">\n\t\t\t\t\t<div class=\"elementor-testimonial__text\">\n\t\t\t\t\t\tDella Valle Immobilien ist professionell strukturiert und qualifizierte Menschen f\u00fchren ihre Arbeit mit Herzblut aus. Patrick Meyer hat sich der Aufgabe angenommen, mein Einfamilienhaus zu verkaufen. Er sammelte alle relevanten Infos, um eine seri\u00f6se Entscheidung bez\u00fcglich des Verkaufspreises treffen zu k\u00f6nnen. Zwischen Auszug und Verschreibung an den neuen Besitzer vergingen nur drei Monate.\t\t\t\t\t<\/div>\n\t\t\t\t\t\t\t\t\t<\/div>\n\t\t\t\t\t\t<div class=\"elementor-testimonial__footer\">\n\t\t\t\t\t\t\t\t\t<div class=\"elementor-testimonial__image\">\n\t\t\t\t\t\t<img decoding=\"async\" src=\"https:\/\/www.dv-immo.ch\/wp-content\/uploads\/Christian-Zimmermann_klein.jpg\" alt=\"Christian Zimmermann \">\n\t\t\t\t\t\t\t\t\t\t\t<\/div>\n\t\t\t\t\t\t\t\t<cite class=\"elementor-testimonial__cite\"><span class=\"elementor-testimonial__name\">Christian Zimmermann <\/span><span class=\"elementor-testimonial__title\">Verkaufte mit uns sein Einfamilienhaus<\/span><\/cite>\t\t\t<\/div>\n\t\t<\/div>\n\t\t\t\t\t\t\t\t<\/div>\n\t\t\t\t\t\t\t\t\t<\/div>\n\t\t\t\t\t\t\t\t\t\t\t\t\t\t\t<div class=\"elementor-swiper-button elementor-swiper-button-prev\" role=\"button\" tabindex=\"0\" aria-label=\"Previous\">\n\t\t\t\t\t\t\t<svg aria-hidden=\"true\" class=\"e-font-icon-svg e-eicon-chevron-left\" viewBox=\"0 0 1000 1000\" xmlns=\"http:\/\/www.w3.org\/2000\/svg\"><path d=\"M646 125C629 125 613 133 604 142L308 442C296 454 292 471 292 487 292 504 296 521 308 533L604 854C617 867 629 875 646 875 663 875 679 871 692 858 704 846 713 829 713 812 713 796 708 779 692 767L438 487 692 225C700 217 708 204 708 187 708 171 704 154 692 142 675 129 663 125 646 125Z\"><\/path><\/svg>\t\t\t\t\t\t<\/div>\n\t\t\t\t\t\t<div class=\"elementor-swiper-button elementor-swiper-button-next\" role=\"button\" tabindex=\"0\" aria-label=\"Next\">\n\t\t\t\t\t\t\t<svg aria-hidden=\"true\" class=\"e-font-icon-svg e-eicon-chevron-right\" viewBox=\"0 0 1000 1000\" xmlns=\"http:\/\/www.w3.org\/2000\/svg\"><path d=\"M696 533C708 521 713 504 713 487 713 471 708 454 696 446L400 146C388 133 375 125 354 125 338 125 325 129 313 142 300 154 292 171 292 187 292 204 296 221 308 233L563 492 304 771C292 783 288 800 288 817 288 833 296 850 308 863 321 871 338 875 354 875 371 875 388 867 400 854L696 533Z\"><\/path><\/svg>\t\t\t\t\t\t<\/div>\n\t\t\t\t\t\t\t\t\t\t\t\t\t\t\t\t<div class=\"swiper-pagination\"><\/div>\n\t\t\t\t\t\t\t\t\t\t\t\t<\/div>\n\t\t\t\t\t\t\t\t<\/div>\n\t\t\t\t\t<\/div>\n\t\t<\/div>\n\t\t\t\t\t<\/div>\n\t\t<\/section>\n\t\t\t\t<section class=\"elementor-section elementor-top-section elementor-element elementor-element-1c60265 elementor-section-boxed elementor-section-height-default elementor-section-height-default\" data-id=\"1c60265\" data-element_type=\"section\" data-e-type=\"section\">\n\t\t\t\t\t\t<div class=\"elementor-container elementor-column-gap-default\">\n\t\t\t\t\t<div class=\"elementor-column elementor-col-100 elementor-top-column elementor-element elementor-element-06ac8e9\" data-id=\"06ac8e9\" data-element_type=\"column\" data-e-type=\"column\">\n\t\t\t<div class=\"elementor-widget-wrap elementor-element-populated\">\n\t\t\t\t\t\t<div class=\"elementor-element elementor-element-e388b37 elementor-widget elementor-widget-heading\" data-id=\"e388b37\" data-element_type=\"widget\" data-e-type=\"widget\" data-widget_type=\"heading.default\">\n\t\t\t\t\t<p class=\"elementor-heading-title elementor-size-default\">In nur 4 Tagen<\/p>\t\t\t\t<\/div>\n\t\t\t\t<div class=\"elementor-element elementor-element-54f3788 elementor-widget elementor-widget-heading\" data-id=\"54f3788\" data-element_type=\"widget\" data-e-type=\"widget\" data-widget_type=\"heading.default\">\n\t\t\t\t\t<h2 class=\"elementor-heading-title elementor-size-default\">Erfolgreicher Immobilienverkauf<\/h2>\t\t\t\t<\/div>\n\t\t\t\t\t<\/div>\n\t\t<\/div>\n\t\t\t\t\t<\/div>\n\t\t<\/section>\n\t\t\t\t<section class=\"elementor-section elementor-top-section elementor-element elementor-element-3456e66 elementor-section-boxed elementor-section-height-default elementor-section-height-default\" data-id=\"3456e66\" data-element_type=\"section\" data-e-type=\"section\">\n\t\t\t\t\t\t<div class=\"elementor-container elementor-column-gap-default\">\n\t\t\t\t\t<div class=\"elementor-column elementor-col-50 elementor-top-column elementor-element elementor-element-f0620c8\" data-id=\"f0620c8\" data-element_type=\"column\" data-e-type=\"column\">\n\t\t\t<div class=\"elementor-widget-wrap elementor-element-populated\">\n\t\t\t\t\t\t<div class=\"elementor-element elementor-element-e1fe979 elementor-widget elementor-widget-text-editor\" data-id=\"e1fe979\" data-element_type=\"widget\" data-e-type=\"widget\" data-widget_type=\"text-editor.default\">\n\t\t\t\t\t\t\t\t\t<p>Entdecken Sie die faszinierende Erfolgsgeschichte von Frau von Rotz, die dank der Della Valle Immobilien AG, ihre Immobilie in rekordverd\u00e4chtigen 4 Tagen verkaufen konnte.<\/p><p>Erfahren Sie, wie auch Sie von ihrem Erfolg profitieren k\u00f6nnen.<\/p>\t\t\t\t\t\t\t\t<\/div>\n\t\t\t\t\t<\/div>\n\t\t<\/div>\n\t\t\t\t<div class=\"elementor-column elementor-col-50 elementor-top-column elementor-element elementor-element-10e2caf\" data-id=\"10e2caf\" data-element_type=\"column\" data-e-type=\"column\">\n\t\t\t<div class=\"elementor-widget-wrap elementor-element-populated\">\n\t\t\t\t\t\t<div class=\"elementor-element elementor-element-4207f22 elementor-widget elementor-widget-video\" data-id=\"4207f22\" data-element_type=\"widget\" data-e-type=\"widget\" data-settings=\"{&quot;youtube_url&quot;:&quot;https:\\\/\\\/youtu.be\\\/nYUnGYL37YA&quot;,&quot;video_type&quot;:&quot;youtube&quot;,&quot;controls&quot;:&quot;yes&quot;}\" data-widget_type=\"video.default\">\n\t\t\t\t\t\t\t<div class=\"elementor-wrapper elementor-open-inline\">\n\t\t\t<div class=\"elementor-video\"><\/div>\t\t<\/div>\n\t\t\t\t\t\t<\/div>\n\t\t\t\t\t<\/div>\n\t\t<\/div>\n\t\t\t\t\t<\/div>\n\t\t<\/section>\n\t\t\t\t<section class=\"elementor-section elementor-top-section elementor-element elementor-element-25bc92bd elementor-section-height-min-height elementor-section-stretched elementor-section-boxed elementor-section-height-default elementor-section-items-middle\" data-id=\"25bc92bd\" data-element_type=\"section\" data-e-type=\"section\" data-settings=\"{&quot;background_background&quot;:&quot;classic&quot;,&quot;stretch_section&quot;:&quot;section-stretched&quot;}\">\n\t\t\t\t\t\t\t<div class=\"elementor-background-overlay\"><\/div>\n\t\t\t\t\t\t\t<div class=\"elementor-container elementor-column-gap-default\">\n\t\t\t\t\t<div class=\"elementor-column elementor-col-100 elementor-top-column elementor-element elementor-element-5f9b6f28 elementor-invisible\" data-id=\"5f9b6f28\" data-element_type=\"column\" data-e-type=\"column\" data-settings=\"{&quot;animation&quot;:&quot;fadeIn&quot;}\">\n\t\t\t<div class=\"elementor-widget-wrap elementor-element-populated\">\n\t\t\t\t\t\t<div class=\"elementor-element elementor-element-3b0cc58a elementor-widget elementor-widget-heading\" data-id=\"3b0cc58a\" data-element_type=\"widget\" data-e-type=\"widget\" data-settings=\"{&quot;motion_fx_motion_fx_scrolling&quot;:&quot;yes&quot;,&quot;motion_fx_devices&quot;:[&quot;desktop&quot;,&quot;tablet&quot;,&quot;mobile&quot;]}\" data-widget_type=\"heading.default\">\n\t\t\t\t\t<h2 class=\"elementor-heading-title elementor-size-default\">Kunden setzen auf unsere  regionale Verankerung. Auch das macht uns so erfolgreich.<\/h2>\t\t\t\t<\/div>\n\t\t\t\t<div class=\"elementor-element elementor-element-5e0ab56a elementor-widget elementor-widget-text-editor\" data-id=\"5e0ab56a\" data-element_type=\"widget\" data-e-type=\"widget\" data-widget_type=\"text-editor.default\">\n\t\t\t\t\t\t\t\t\t<p>Wollen Sie eine Immobilie verkaufen?<\/p>\t\t\t\t\t\t\t\t<\/div>\n\t\t\t\t<div class=\"elementor-element elementor-element-403d4075 elementor-align-center elementor-widget elementor-widget-button\" data-id=\"403d4075\" data-element_type=\"widget\" data-e-type=\"widget\" data-widget_type=\"button.default\">\n\t\t\t\t\t\t\t\t\t\t<a class=\"elementor-button elementor-button-link elementor-size-md\" href=\"\/kontakt\/\">\n\t\t\t\t\t\t<span class=\"elementor-button-content-wrapper\">\n\t\t\t\t\t\t<span class=\"elementor-button-icon\">\n\t\t\t\t<svg aria-hidden=\"true\" class=\"e-font-icon-svg e-fas-long-arrow-alt-right\" viewBox=\"0 0 448 512\" xmlns=\"http:\/\/www.w3.org\/2000\/svg\"><path d=\"M313.941 216H12c-6.627 0-12 5.373-12 12v56c0 6.627 5.373 12 12 12h301.941v46.059c0 21.382 25.851 32.09 40.971 16.971l86.059-86.059c9.373-9.373 9.373-24.569 0-33.941l-86.059-86.059c-15.119-15.119-40.971-4.411-40.971 16.971V216z\"><\/path><\/svg>\t\t\t<\/span>\n\t\t\t\t\t\t\t\t\t<span class=\"elementor-button-text\">Beratung und Kontakt<\/span>\n\t\t\t\t\t<\/span>\n\t\t\t\t\t<\/a>\n\t\t\t\t\t\t\t\t<\/div>\n\t\t\t\t\t<\/div>\n\t\t<\/div>\n\t\t\t\t\t<\/div>\n\t\t<\/section>\n\t\t\t\t<section class=\"elementor-section elementor-top-section elementor-element elementor-element-4dfa55bb elementor-section-content-middle elementor-section-boxed elementor-section-height-default elementor-section-height-default\" data-id=\"4dfa55bb\" data-element_type=\"section\" data-e-type=\"section\">\n\t\t\t\t\t\t<div class=\"elementor-container elementor-column-gap-no\">\n\t\t\t\t\t<div class=\"elementor-column elementor-col-50 elementor-top-column elementor-element elementor-element-9f14747\" data-id=\"9f14747\" data-element_type=\"column\" data-e-type=\"column\" data-settings=\"{&quot;animation&quot;:&quot;none&quot;}\">\n\t\t\t<div class=\"elementor-widget-wrap elementor-element-populated\">\n\t\t\t\t\t\t<div class=\"elementor-element elementor-element-68ec41a2 elementor-widget elementor-widget-image\" data-id=\"68ec41a2\" data-element_type=\"widget\" data-e-type=\"widget\" data-widget_type=\"image.default\">\n\t\t\t\t\t\t\t\t\t\t\t\t\t\t\t<img fetchpriority=\"high\" decoding=\"async\" width=\"775\" height=\"667\" src=\"https:\/\/www.dv-immo.ch\/wp-content\/uploads\/web_dvi-alle-e1764837186249.jpg\" class=\"attachment-full size-full wp-image-51477\" alt=\"Della Valle Immobilien Team\" srcset=\"https:\/\/www.dv-immo.ch\/wp-content\/uploads\/web_dvi-alle-e1764837186249.jpg 775w, https:\/\/www.dv-immo.ch\/wp-content\/uploads\/web_dvi-alle-e1764837186249-300x258.jpg 300w, https:\/\/www.dv-immo.ch\/wp-content\/uploads\/web_dvi-alle-e1764837186249-768x661.jpg 768w\" sizes=\"(max-width: 775px) 100vw, 775px\" \/>\t\t\t\t\t\t\t\t\t\t\t\t\t\t\t<\/div>\n\t\t\t\t\t<\/div>\n\t\t<\/div>\n\t\t\t\t<div class=\"elementor-column elementor-col-50 elementor-top-column elementor-element elementor-element-682132bd\" data-id=\"682132bd\" data-element_type=\"column\" data-e-type=\"column\">\n\t\t\t<div class=\"elementor-widget-wrap elementor-element-populated\">\n\t\t\t\t\t\t<div class=\"elementor-element elementor-element-602b5d01 elementor-view-default elementor-widget elementor-widget-icon\" data-id=\"602b5d01\" data-element_type=\"widget\" data-e-type=\"widget\" data-widget_type=\"icon.default\">\n\t\t\t\t\t\t\t<div class=\"elementor-icon-wrapper\">\n\t\t\t<div class=\"elementor-icon\">\n\t\t\t<svg aria-hidden=\"true\" class=\"e-font-icon-svg e-fas-quote-left\" viewBox=\"0 0 512 512\" xmlns=\"http:\/\/www.w3.org\/2000\/svg\"><path d=\"M464 256h-80v-64c0-35.3 28.7-64 64-64h8c13.3 0 24-10.7 24-24V56c0-13.3-10.7-24-24-24h-8c-88.4 0-160 71.6-160 160v240c0 26.5 21.5 48 48 48h128c26.5 0 48-21.5 48-48V304c0-26.5-21.5-48-48-48zm-288 0H96v-64c0-35.3 28.7-64 64-64h8c13.3 0 24-10.7 24-24V56c0-13.3-10.7-24-24-24h-8C71.6 32 0 103.6 0 192v240c0 26.5 21.5 48 48 48h128c26.5 0 48-21.5 48-48V304c0-26.5-21.5-48-48-48z\"><\/path><\/svg>\t\t\t<\/div>\n\t\t<\/div>\n\t\t\t\t\t\t<\/div>\n\t\t\t\t<div class=\"elementor-element elementor-element-1f7858d6 elementor-widget elementor-widget-text-editor\" data-id=\"1f7858d6\" data-element_type=\"widget\" data-e-type=\"widget\" data-widget_type=\"text-editor.default\">\n\t\t\t\t\t\t\t\t\t<p>Wir sind f\u00fcr unsere Kunden da und bedienen auch Sie professionell und mit Freude. Ob Sie eine Immobilie verkaufen m\u00f6chten oder eine tolle Liegenschaft zum Kauf suchen: Vertrauen Sie auf unsere Erfahrung &#8211; wir sind in der Zentralschweiz seit \u00fcber 30 Jahren erfolgreich am Markt.<\/p>\t\t\t\t\t\t\t\t<\/div>\n\t\t\t\t<div class=\"elementor-element elementor-element-2a1f9b42 elementor-widget elementor-widget-heading\" data-id=\"2a1f9b42\" data-element_type=\"widget\" data-e-type=\"widget\" data-widget_type=\"heading.default\">\n\t\t\t\t\t<h3 class=\"elementor-heading-title elementor-size-default\">Della Valle Immobilien<\/h3>\t\t\t\t<\/div>\n\t\t\t\t<div class=\"elementor-element elementor-element-1ef12500 elementor-widget elementor-widget-heading\" data-id=\"1ef12500\" data-element_type=\"widget\" data-e-type=\"widget\" data-widget_type=\"heading.default\">\n\t\t\t\t\t<h3 class=\"elementor-heading-title elementor-size-default\">Ein Mitglied der Falck Unternehmensgruppe<\/h3>\t\t\t\t<\/div>\n\t\t\t\t\t<\/div>\n\t\t<\/div>\n\t\t\t\t\t<\/div>\n\t\t<\/section>\n\t\t\t\t<section class=\"elementor-section elementor-top-section elementor-element elementor-element-6f49bef7 elementor-section-boxed elementor-section-height-default elementor-section-height-default\" data-id=\"6f49bef7\" data-element_type=\"section\" data-e-type=\"section\">\n\t\t\t\t\t\t<div class=\"elementor-container elementor-column-gap-default\">\n\t\t\t\t\t<div class=\"elementor-column elementor-col-33 elementor-top-column elementor-element elementor-element-500cecc1 animated-slow elementor-invisible\" data-id=\"500cecc1\" data-element_type=\"column\" data-e-type=\"column\" data-settings=\"{&quot;background_background&quot;:&quot;classic&quot;,&quot;animation&quot;:&quot;bounceInLeft&quot;,&quot;animation_delay&quot;:200}\">\n\t\t\t<div class=\"elementor-widget-wrap elementor-element-populated\">\n\t\t\t\t\t\t<div class=\"elementor-element elementor-element-1b768d29 elementor-widget elementor-widget-heading\" data-id=\"1b768d29\" data-element_type=\"widget\" data-e-type=\"widget\" data-widget_type=\"heading.default\">\n\t\t\t\t\t<h3 class=\"elementor-heading-title elementor-size-default\">01<\/h3>\t\t\t\t<\/div>\n\t\t\t\t<div class=\"elementor-element elementor-element-2b55e271 elementor-widget elementor-widget-heading\" data-id=\"2b55e271\" data-element_type=\"widget\" data-e-type=\"widget\" data-widget_type=\"heading.default\">\n\t\t\t\t\t<h3 class=\"elementor-heading-title elementor-size-default\">22 500 Interessenten<\/h3>\t\t\t\t<\/div>\n\t\t\t\t<div class=\"elementor-element elementor-element-2aa2405c elementor-widget elementor-widget-text-editor\" data-id=\"2aa2405c\" data-element_type=\"widget\" data-e-type=\"widget\" data-widget_type=\"text-editor.default\">\n\t\t\t\t\t\t\t\t\t<p>Unsere Datenbank umfasst 22 500 Personen, die sich f\u00fcr einen Wohnungs- oder Hauskauf interessieren.<\/p>\t\t\t\t\t\t\t\t<\/div>\n\t\t\t\t\t<\/div>\n\t\t<\/div>\n\t\t\t\t<div class=\"elementor-column elementor-col-33 elementor-top-column elementor-element elementor-element-db619e7 animated-slow elementor-invisible\" data-id=\"db619e7\" data-element_type=\"column\" data-e-type=\"column\" data-settings=\"{&quot;background_background&quot;:&quot;classic&quot;,&quot;animation&quot;:&quot;bounceInLeft&quot;,&quot;animation_delay&quot;:200}\">\n\t\t\t<div class=\"elementor-widget-wrap elementor-element-populated\">\n\t\t\t\t\t\t<div class=\"elementor-element elementor-element-491151b3 elementor-widget elementor-widget-heading\" data-id=\"491151b3\" data-element_type=\"widget\" data-e-type=\"widget\" data-widget_type=\"heading.default\">\n\t\t\t\t\t<h3 class=\"elementor-heading-title elementor-size-default\">02<\/h3>\t\t\t\t<\/div>\n\t\t\t\t<div class=\"elementor-element elementor-element-7e73fa89 elementor-widget elementor-widget-heading\" data-id=\"7e73fa89\" data-element_type=\"widget\" data-e-type=\"widget\" data-widget_type=\"heading.default\">\n\t\t\t\t\t<h3 class=\"elementor-heading-title elementor-size-default\">Lokale St\u00e4rke<\/h3>\t\t\t\t<\/div>\n\t\t\t\t<div class=\"elementor-element elementor-element-6c4cc1b3 elementor-widget elementor-widget-text-editor\" data-id=\"6c4cc1b3\" data-element_type=\"widget\" data-e-type=\"widget\" data-widget_type=\"text-editor.default\">\n\t\t\t\t\t\t\t\t\t<p>Wir kennen den lokalen Immobilien-Markt und bedienen unsere Kunden an drei Gesch\u00e4ftsstellen.<\/p>\t\t\t\t\t\t\t\t<\/div>\n\t\t\t\t\t<\/div>\n\t\t<\/div>\n\t\t\t\t<div class=\"elementor-column elementor-col-33 elementor-top-column elementor-element elementor-element-6fa40950 animated-slow elementor-invisible\" data-id=\"6fa40950\" data-element_type=\"column\" data-e-type=\"column\" data-settings=\"{&quot;background_background&quot;:&quot;classic&quot;,&quot;animation&quot;:&quot;bounceInLeft&quot;,&quot;animation_delay&quot;:200}\">\n\t\t\t<div class=\"elementor-widget-wrap elementor-element-populated\">\n\t\t\t\t\t\t<div class=\"elementor-element elementor-element-39b707b1 elementor-widget elementor-widget-heading\" data-id=\"39b707b1\" data-element_type=\"widget\" data-e-type=\"widget\" data-widget_type=\"heading.default\">\n\t\t\t\t\t<h3 class=\"elementor-heading-title elementor-size-default\">03<\/h3>\t\t\t\t<\/div>\n\t\t\t\t<div class=\"elementor-element elementor-element-7e132ad1 elementor-widget elementor-widget-heading\" data-id=\"7e132ad1\" data-element_type=\"widget\" data-e-type=\"widget\" data-widget_type=\"heading.default\">\n\t\t\t\t\t<h3 class=\"elementor-heading-title elementor-size-default\">Aktuelle Immobilien<\/h3>\t\t\t\t<\/div>\n\t\t\t\t<div class=\"elementor-element elementor-element-6cbd8d21 elementor-widget elementor-widget-text-editor\" data-id=\"6cbd8d21\" data-element_type=\"widget\" data-e-type=\"widget\" data-widget_type=\"text-editor.default\">\n\t\t\t\t\t\t\t\t\t<p>Unser grosses Immobilien-Angebot hat auch f\u00fcr Sie interessante Objekte \u2013 ob Haus, Wohnung oder Grundst\u00fcck.<\/p>\t\t\t\t\t\t\t\t<\/div>\n\t\t\t\t\t<\/div>\n\t\t<\/div>\n\t\t\t\t\t<\/div>\n\t\t<\/section>\n\t\t\t\t<\/div>\n\t\t","protected":false},"excerpt":{"rendered":"<p>Kundenstimmen Ich beschloss, den Hausverkauf einem Profi zu \u00fcberlassen. Der Verkauf mit Della Valle Immobilien ging z\u00fcgig und zu einem f\u00fcr beide Parteien fairen Preis vonstatten. Peter DelfosseVerkaufte mit uns sein Einfamilienhaus Der Kauf unserer Eigentumswohnung war eine unkomplizierte und rundum zufriedenstellende Angelegenheit. Wir verliebten uns sofort in die Wohnung. Yvonne SteimerKaufte mit uns Ihre [&hellip;]<\/p>\n","protected":false},"author":2,"featured_media":0,"parent":0,"menu_order":0,"comment_status":"closed","ping_status":"closed","template":"","meta":{"_acf_changed":false,"footnotes":""},"page-category":[],"class_list":["post-259","page","type-page","status-publish","hentry"],"acf":[],"yoast_head":"<!-- This site is optimized with the Yoast SEO plugin v27.1.1 - https:\/\/yoast.com\/product\/yoast-seo-wordpress\/ -->\n<title>Kundenstimmen | Referenzen - Della Valle Immobilien<\/title>\n<meta name=\"description\" content=\"Unsere Kunden setzen auf unsere regionale Verankerung. Auch das macht uns so erfolgreich.\" \/>\n<meta name=\"robots\" content=\"index, follow, max-snippet:-1, max-image-preview:large, max-video-preview:-1\" \/>\n<link rel=\"canonical\" href=\"https:\/\/www.dv-immo.ch\/en\/customer-testimonials\/\" \/>\n<meta property=\"og:locale\" content=\"en_GB\" \/>\n<meta property=\"og:type\" content=\"article\" \/>\n<meta property=\"og:title\" content=\"Kundenstimmen | Referenzen - Della Valle Immobilien\" \/>\n<meta property=\"og:description\" content=\"Unsere Kunden setzen auf unsere regionale Verankerung. Auch das macht uns so erfolgreich.\" \/>\n<meta property=\"og:url\" content=\"https:\/\/www.dv-immo.ch\/en\/customer-testimonials\/\" \/>\n<meta property=\"og:site_name\" content=\"Della Valle Immobilien\" \/>\n<meta property=\"article:publisher\" content=\"https:\/\/www.facebook.com\/dellavalleimmobilien\/\" \/>\n<meta property=\"article:modified_time\" content=\"2025-03-13T16:22:51+00:00\" \/>\n<meta property=\"og:image\" content=\"https:\/\/www.dv-immo.ch\/wp-content\/uploads\/Delfosse2.jpg\" \/>\n<meta name=\"twitter:card\" content=\"summary_large_image\" \/>\n<script type=\"application\/ld+json\" class=\"yoast-schema-graph\">{\"@context\":\"https:\/\/schema.org\",\"@graph\":[{\"@type\":\"WebPage\",\"@id\":\"https:\/\/www.dv-immo.ch\/kundenstimmen\/\",\"url\":\"https:\/\/www.dv-immo.ch\/kundenstimmen\/\",\"name\":\"Kundenstimmen | Referenzen - Della Valle Immobilien\",\"isPartOf\":{\"@id\":\"https:\/\/www.dv-immo.ch\/#website\"},\"primaryImageOfPage\":{\"@id\":\"https:\/\/www.dv-immo.ch\/kundenstimmen\/#primaryimage\"},\"image\":{\"@id\":\"https:\/\/www.dv-immo.ch\/kundenstimmen\/#primaryimage\"},\"thumbnailUrl\":\"https:\/\/www.dv-immo.ch\/wp-content\/uploads\/Delfosse2.jpg\",\"datePublished\":\"2020-12-06T15:23:44+00:00\",\"dateModified\":\"2025-03-13T16:22:51+00:00\",\"description\":\"Unsere Kunden setzen auf unsere regionale Verankerung. Auch das macht uns so erfolgreich.\",\"breadcrumb\":{\"@id\":\"https:\/\/www.dv-immo.ch\/kundenstimmen\/#breadcrumb\"},\"inLanguage\":\"en-GB\",\"potentialAction\":[{\"@type\":\"ReadAction\",\"target\":[\"https:\/\/www.dv-immo.ch\/kundenstimmen\/\"]}]},{\"@type\":\"ImageObject\",\"inLanguage\":\"en-GB\",\"@id\":\"https:\/\/www.dv-immo.ch\/kundenstimmen\/#primaryimage\",\"url\":\"https:\/\/www.dv-immo.ch\/wp-content\/uploads\/Delfosse2.jpg\",\"contentUrl\":\"https:\/\/www.dv-immo.ch\/wp-content\/uploads\/Delfosse2.jpg\"},{\"@type\":\"BreadcrumbList\",\"@id\":\"https:\/\/www.dv-immo.ch\/kundenstimmen\/#breadcrumb\",\"itemListElement\":[{\"@type\":\"ListItem\",\"position\":1,\"name\":\"Home\",\"item\":\"https:\/\/www.dv-immo.ch\/\"},{\"@type\":\"ListItem\",\"position\":2,\"name\":\"Kundenstimmen\"}]},{\"@type\":\"WebSite\",\"@id\":\"https:\/\/www.dv-immo.ch\/#website\",\"url\":\"https:\/\/www.dv-immo.ch\/\",\"name\":\"Della Valle Immobilien AG\",\"description\":\"\",\"publisher\":{\"@id\":\"https:\/\/www.dv-immo.ch\/#organization\"},\"potentialAction\":[{\"@type\":\"SearchAction\",\"target\":{\"@type\":\"EntryPoint\",\"urlTemplate\":\"https:\/\/www.dv-immo.ch\/?s={search_term_string}\"},\"query-input\":{\"@type\":\"PropertyValueSpecification\",\"valueRequired\":true,\"valueName\":\"search_term_string\"}}],\"inLanguage\":\"en-GB\"},{\"@type\":\"Organization\",\"@id\":\"https:\/\/www.dv-immo.ch\/#organization\",\"name\":\"Della Valle Immobilien AG\",\"url\":\"https:\/\/www.dv-immo.ch\/\",\"logo\":{\"@type\":\"ImageObject\",\"inLanguage\":\"en-GB\",\"@id\":\"https:\/\/www.dv-immo.ch\/#\/schema\/logo\/image\/\",\"url\":\"https:\/\/www.dv-immo.ch\/wp-content\/uploads\/DellaValle_Logo_2021_RGB-quadratisch.jpg\",\"contentUrl\":\"https:\/\/www.dv-immo.ch\/wp-content\/uploads\/DellaValle_Logo_2021_RGB-quadratisch.jpg\",\"width\":1093,\"height\":1093,\"caption\":\"Della Valle Immobilien AG\"},\"image\":{\"@id\":\"https:\/\/www.dv-immo.ch\/#\/schema\/logo\/image\/\"},\"sameAs\":[\"https:\/\/www.facebook.com\/dellavalleimmobilien\/\",\"https:\/\/www.instagram.com\/della_valle_immobilien_ag\/?hl=de\",\"https:\/\/ch.linkedin.com\/company\/della-valle-immobilien-ag\",\"https:\/\/www.youtube.com\/@DellaValleImmobilien\"]}]}<\/script>\n<!-- \/ Yoast SEO plugin. -->","yoast_head_json":{"title":"Customer testimonials | References - Della Valle Immobilien","description":"Our customers rely on our regional roots. This is also what makes us so successful.","robots":{"index":"index","follow":"follow","max-snippet":"max-snippet:-1","max-image-preview":"max-image-preview:large","max-video-preview":"max-video-preview:-1"},"canonical":"https:\/\/www.dv-immo.ch\/en\/customer-testimonials\/","og_locale":"en_GB","og_type":"article","og_title":"Kundenstimmen | Referenzen - Della Valle Immobilien","og_description":"Unsere Kunden setzen auf unsere regionale Verankerung. Auch das macht uns so erfolgreich.","og_url":"https:\/\/www.dv-immo.ch\/en\/customer-testimonials\/","og_site_name":"Della Valle Immobilien","article_publisher":"https:\/\/www.facebook.com\/dellavalleimmobilien\/","article_modified_time":"2025-03-13T16:22:51+00:00","og_image":[{"url":"https:\/\/www.dv-immo.ch\/wp-content\/uploads\/Delfosse2.jpg","type":"","width":"","height":""}],"twitter_card":"summary_large_image","schema":{"@context":"https:\/\/schema.org","@graph":[{"@type":"WebPage","@id":"https:\/\/www.dv-immo.ch\/kundenstimmen\/","url":"https:\/\/www.dv-immo.ch\/kundenstimmen\/","name":"Customer testimonials | References - Della Valle Immobilien","isPartOf":{"@id":"https:\/\/www.dv-immo.ch\/#website"},"primaryImageOfPage":{"@id":"https:\/\/www.dv-immo.ch\/kundenstimmen\/#primaryimage"},"image":{"@id":"https:\/\/www.dv-immo.ch\/kundenstimmen\/#primaryimage"},"thumbnailUrl":"https:\/\/www.dv-immo.ch\/wp-content\/uploads\/Delfosse2.jpg","datePublished":"2020-12-06T15:23:44+00:00","dateModified":"2025-03-13T16:22:51+00:00","description":"Our customers rely on our regional roots. This is also what makes us so successful.","breadcrumb":{"@id":"https:\/\/www.dv-immo.ch\/kundenstimmen\/#breadcrumb"},"inLanguage":"en-GB","potentialAction":[{"@type":"ReadAction","target":["https:\/\/www.dv-immo.ch\/kundenstimmen\/"]}]},{"@type":"ImageObject","inLanguage":"en-GB","@id":"https:\/\/www.dv-immo.ch\/kundenstimmen\/#primaryimage","url":"https:\/\/www.dv-immo.ch\/wp-content\/uploads\/Delfosse2.jpg","contentUrl":"https:\/\/www.dv-immo.ch\/wp-content\/uploads\/Delfosse2.jpg"},{"@type":"BreadcrumbList","@id":"https:\/\/www.dv-immo.ch\/kundenstimmen\/#breadcrumb","itemListElement":[{"@type":"ListItem","position":1,"name":"Home","item":"https:\/\/www.dv-immo.ch\/"},{"@type":"ListItem","position":2,"name":"Kundenstimmen"}]},{"@type":"WebSite","@id":"https:\/\/www.dv-immo.ch\/#website","url":"https:\/\/www.dv-immo.ch\/","name":"Della Valle Immobilien AG","description":"","publisher":{"@id":"https:\/\/www.dv-immo.ch\/#organization"},"potentialAction":[{"@type":"SearchAction","target":{"@type":"EntryPoint","urlTemplate":"https:\/\/www.dv-immo.ch\/?s={search_term_string}"},"query-input":{"@type":"PropertyValueSpecification","valueRequired":true,"valueName":"search_term_string"}}],"inLanguage":"en-GB"},{"@type":"Organization","@id":"https:\/\/www.dv-immo.ch\/#organization","name":"Della Valle Immobilien AG","url":"https:\/\/www.dv-immo.ch\/","logo":{"@type":"ImageObject","inLanguage":"en-GB","@id":"https:\/\/www.dv-immo.ch\/#\/schema\/logo\/image\/","url":"https:\/\/www.dv-immo.ch\/wp-content\/uploads\/DellaValle_Logo_2021_RGB-quadratisch.jpg","contentUrl":"https:\/\/www.dv-immo.ch\/wp-content\/uploads\/DellaValle_Logo_2021_RGB-quadratisch.jpg","width":1093,"height":1093,"caption":"Della Valle Immobilien AG"},"image":{"@id":"https:\/\/www.dv-immo.ch\/#\/schema\/logo\/image\/"},"sameAs":["https:\/\/www.facebook.com\/dellavalleimmobilien\/","https:\/\/www.instagram.com\/della_valle_immobilien_ag\/?hl=de","https:\/\/ch.linkedin.com\/company\/della-valle-immobilien-ag","https:\/\/www.youtube.com\/@DellaValleImmobilien"]}]}},"_links":{"self":[{"href":"https:\/\/www.dv-immo.ch\/en\/wp-json\/wp\/v2\/pages\/259","targetHints":{"allow":["GET"]}}],"collection":[{"href":"https:\/\/www.dv-immo.ch\/en\/wp-json\/wp\/v2\/pages"}],"about":[{"href":"https:\/\/www.dv-immo.ch\/en\/wp-json\/wp\/v2\/types\/page"}],"author":[{"embeddable":true,"href":"https:\/\/www.dv-immo.ch\/en\/wp-json\/wp\/v2\/users\/2"}],"replies":[{"embeddable":true,"href":"https:\/\/www.dv-immo.ch\/en\/wp-json\/wp\/v2\/comments?post=259"}],"version-history":[{"count":0,"href":"https:\/\/www.dv-immo.ch\/en\/wp-json\/wp\/v2\/pages\/259\/revisions"}],"wp:attachment":[{"href":"https:\/\/www.dv-immo.ch\/en\/wp-json\/wp\/v2\/media?parent=259"}],"wp:term":[{"taxonomy":"page-category","embeddable":true,"href":"https:\/\/www.dv-immo.ch\/en\/wp-json\/wp\/v2\/page-category?post=259"}],"curies":[{"name":"wp","href":"https:\/\/api.w.org\/{rel}","templated":true}]}}